{"id":133,"date":"2025-12-05T03:56:26","date_gmt":"2025-12-05T03:56:26","guid":{"rendered":"https:\/\/markstay-warren.ca\/?page_id=133"},"modified":"2026-09-04T12:20:35","modified_gmt":"2026-09-04T12:20:35","slug":"municipal-elections","status":"publish","type":"page","link":"https:\/\/markstay-warren.ca\/fr\/governance\/municipal-elections\/","title":{"rendered":"\u00c9lections municipales"},"content":{"rendered":"\n<p class=\"wp-block-paragraph\">Les prochaines \u00e9lections municipales et scolaires auront lieu le <strong>lundi 26 octobre 2026<\/strong>. Les \u00e9lecteurs de la <strong>Municipalit\u00e9 de Markstay-Warren<\/strong> pourront voter de fa\u00e7on pratique <strong>par Internet ou par t\u00e9l\u00e9phone<\/strong> lors des \u00e9lections municipales et scolaires de 2026.<\/p>\n\n\n\n<p class=\"wp-block-paragraph\"><strong>Formulaire MW03A<\/strong><br><strong>LISTE DES CANDIDATS ET CANDIDATES CERTIFI\u00c9S<\/strong><br><strong>Loi de 1996, sur les \u00e9lections municipales(art. 11(4) (2)<\/strong><\/p>\n\n\n\n<p class=\"wp-block-paragraph\"><strong>AVIS<\/strong> est donn\u00e9 par la pr\u00e9sente aux \u00e9lectrices et \u00e9lecteurs municipaux de la :<\/p>\n\n\n\n<p class=\"wp-block-paragraph\"><strong>MUNICIPALIT\u00c9 DE MARKSTAY-WARREN<\/strong><\/p>\n\n\n\n<p class=\"wp-block-paragraph\">Au cours de la p\u00e9riode commen\u00e7ant le 1er mai 2026 et le 21 ao\u00fbt 2026, jour du d\u00e9p\u00f4t des d\u00e9clarations de candidature, les personnes suivantes ont d\u00e9pos\u00e9 tous les documents et d\u00e9clarations et, en ma qualit\u00e9 de grefffier de la municipalit\u00e9, je suis persuad\u00e9 que ces personnes r\u00e9pondent aux exigences de la Loi de 1996 sur les \u00e9lections municipales.<\/p>\n\n\n\n<p class=\"wp-block-paragraph\">Je certifie donc ces candidats et candidates aux postes qui suivent leur nom :<\/p>\n\n\n\n<p class=\"wp-block-paragraph\"><strong>Liste des candidats et candidates certifi\u00e9s de 2026<\/strong><\/p>\n","protected":false},"excerpt":{"rendered":"<p>Les prochaines \u00e9lections municipales et scolaires auront lieu le lundi 26 octobre 2026. Les \u00e9lecteurs de la Municipalit\u00e9 de Markstay-Warren pourront voter de fa\u00e7on pratique par Internet ou par t\u00e9l\u00e9phone&hellip;<\/p>\n","protected":false},"author":1,"featured_media":0,"parent":41,"menu_order":0,"comment_status":"closed","ping_status":"closed","template":"","meta":{"footnotes":""},"class_list":["post-133","page","type-page","status-publish","hentry"],"translation":{"provider":"WPGlobus","version":"3.0.2","language":"fr","enabled_languages":["en","fr"],"languages":{"en":{"title":true,"content":true,"excerpt":false},"fr":{"title":true,"content":true,"excerpt":false}}},"_links":{"self":[{"href":"https:\/\/markstay-warren.ca\/fr\/wp-json\/wp\/v2\/pages\/133","targetHints":{"allow":["GET"]}}],"collection":[{"href":"https:\/\/markstay-warren.ca\/fr\/wp-json\/wp\/v2\/pages"}],"about":[{"href":"https:\/\/markstay-warren.ca\/fr\/wp-json\/wp\/v2\/types\/page"}],"author":[{"embeddable":true,"href":"https:\/\/markstay-warren.ca\/fr\/wp-json\/wp\/v2\/users\/1"}],"replies":[{"embeddable":true,"href":"https:\/\/markstay-warren.ca\/fr\/wp-json\/wp\/v2\/comments?post=133"}],"version-history":[{"count":65,"href":"https:\/\/markstay-warren.ca\/fr\/wp-json\/wp\/v2\/pages\/133\/revisions"}],"predecessor-version":[{"id":1627,"href":"https:\/\/markstay-warren.ca\/fr\/wp-json\/wp\/v2\/pages\/133\/revisions\/1627"}],"up":[{"embeddable":true,"href":"https:\/\/markstay-warren.ca\/fr\/wp-json\/wp\/v2\/pages\/41"}],"wp:attachment":[{"href":"https:\/\/markstay-warren.ca\/fr\/wp-json\/wp\/v2\/media?parent=133"}],"curies":[{"name":"wp","href":"https:\/\/api.w.org\/{rel}","templated":true}]}}